{"id":56,"date":"2024-10-23T17:17:27","date_gmt":"2024-10-23T15:17:27","guid":{"rendered":"http:\/\/audriaz-hubert.ch\/index.php\/about\/"},"modified":"2026-03-16T00:56:30","modified_gmt":"2026-03-15T23:56:30","slug":"a-propos","status":"publish","type":"page","link":"http:\/\/hubert-audriaz.ch\/index.php\/a-propos\/","title":{"rendered":"\u00c0 propos"},"content":{"rendered":"\t\t<div data-elementor-type=\"wp-page\" data-elementor-id=\"56\" class=\"elementor elementor-56\" data-elementor-post-type=\"page\">\n\t\t\t\t<div class=\"elementor-element elementor-element-16cd5fb e-flex e-con-boxed e-con e-parent\" data-id=\"16cd5fb\" data-element_type=\"container\">\n\t\t\t\t\t<div class=\"e-con-inner\">\n\t\t<div class=\"elementor-element elementor-element-bb7dc14 e-con-full e-flex e-con e-child\" data-id=\"bb7dc14\" data-element_type=\"container\">\n\t\t\t\t<div class=\"elementor-element elementor-element-cf5feb5 elementor-widget elementor-widget-heading\" data-id=\"cf5feb5\" data-element_type=\"widget\" data-widget_type=\"heading.default\">\n\t\t\t\t<div class=\"elementor-widget-container\">\n\t\t\t\t\t<h2 class=\"elementor-heading-title elementor-size-default\">Biographie<\/h2>\t\t\t\t<\/div>\n\t\t\t\t<\/div>\n\t\t\t\t<div class=\"elementor-element elementor-element-ec68a6d elementor-widget elementor-widget-text-editor\" data-id=\"ec68a6d\" data-element_type=\"widget\" data-widget_type=\"text-editor.default\">\n\t\t\t\t<div class=\"elementor-widget-container\">\n\t\t\t\t\t\t\t\t\t<p><span lang=\"FR\">N\u00e9 le 30 septembre 1940 \u00e0 la\u00a0rue d&rsquo;Or\u00a0dans le quartier de l\u2019Auge de la Basse-Ville de Fribourg, Hubert Audriaz reste l\u2019enfant r\u00eaveur d\u2019autrefois. C\u2019est en dessinant qu\u2019il apprend \u00e0 s\u2019\u00e9vader et \u00e0 toucher \u00e0 l\u2019invisible dont il se sent plus proche que du r\u00e9el. Apr\u00e8s l\u2019\u00e9cole, il fait un apprentissage de sculpteur, part \u00e0 Paris, se forme \u00e0 l\u2019Ecole nationale sup\u00e9rieure des beaux-arts (ENSBA), voyage, rencontre Salvador Dali, Leonor Fini et bien d\u2019autres grands peintres. Hubert Audriaz s\u2019\u00e9tablit finalement dans sa ville natale et devient au fil des ans une figure embl\u00e9matique de Fribourg. Il se pla\u00eet \u00e0 affirmer sa personnalit\u00e9 en marge des conventions sociales, \u00e0 d\u00e9jouer la rigidit\u00e9 des codes et \u00e0 ouvrir des portes en apparences inaccessibles. Animateur du Passeport vacances depuis 1978, il fait entrer les enfants dans son monde du r\u00eave et du fantastique, leur apprend \u00e0 travailler avec les mains, partage avec eux la joie de la cr\u00e9ation et la chaleur du vivre ensemble. Cette ouverture \u00e0 l\u2019autre associ\u00e9e \u00e0 une grande g\u00e9n\u00e9rosit\u00e9 l\u2019impr\u00e8gne au plus profond de lui-m\u00eame. (<\/span>\u00a9 Association Films Plans-Fixes)<\/p>\t\t\t\t\t\t\t\t<\/div>\n\t\t\t\t<\/div>\n\t\t\t\t<\/div>\n\t\t<div class=\"elementor-element elementor-element-4859b9c e-con-full e-flex e-con e-child\" data-id=\"4859b9c\" data-element_type=\"container\">\n\t\t\t\t<div class=\"elementor-element elementor-element-fc7173c elementor-invisible elementor-widget elementor-widget-video\" data-id=\"fc7173c\" data-element_type=\"widget\" data-settings=\"{&quot;video_type&quot;:&quot;vimeo&quot;,&quot;autoplay&quot;:&quot;yes&quot;,&quot;play_on_mobile&quot;:&quot;yes&quot;,&quot;mute&quot;:&quot;yes&quot;,&quot;loop&quot;:&quot;yes&quot;,&quot;_animation&quot;:&quot;zoomIn&quot;}\" data-widget_type=\"video.default\">\n\t\t\t\t<div class=\"elementor-widget-container\">\n\t\t\t\t\t\t\t<div class=\"elementor-wrapper elementor-open-inline\">\n\t\t\t<iframe class=\"elementor-video-iframe\" allowfullscreen allow=\"autoplay\" title=\"Lecteur vid\u00e9o vimeo\" src=\"https:\/\/player.vimeo.com\/video\/138234243?autoplay=1&amp;playsinline=1&amp;color&amp;autopause=0&amp;loop=1&amp;muted=1&amp;title=1&amp;portrait=1&amp;byline=1#t=\"><\/iframe>\t\t<\/div>\n\t\t\t\t\t\t<\/div>\n\t\t\t\t<\/div>\n\t\t\t\t<\/div>\n\t\t\t\t\t<\/div>\n\t\t\t\t<\/div>\n\t\t<div class=\"elementor-element elementor-element-979a228 e-flex e-con-boxed e-con e-parent\" data-id=\"979a228\" data-element_type=\"container\">\n\t\t\t\t\t<div class=\"e-con-inner\">\n\t\t<div class=\"elementor-element elementor-element-b9f4781 e-con-full e-flex e-con e-child\" data-id=\"b9f4781\" data-element_type=\"container\">\n\t\t\t\t<div class=\"elementor-element elementor-element-bc1dad2 elementor-widget elementor-widget-heading\" data-id=\"bc1dad2\" data-element_type=\"widget\" data-widget_type=\"heading.default\">\n\t\t\t\t<div class=\"elementor-widget-container\">\n\t\t\t\t\t<h2 class=\"elementor-heading-title elementor-size-default\">Association<\/h2>\t\t\t\t<\/div>\n\t\t\t\t<\/div>\n\t\t\t\t<div class=\"elementor-element elementor-element-7f9e7af elementor-widget elementor-widget-text-editor\" data-id=\"7f9e7af\" data-element_type=\"widget\" data-widget_type=\"text-editor.default\">\n\t\t\t\t<div class=\"elementor-widget-container\">\n\t\t\t\t\t\t\t\t\t<header class=\"article-header clearfix\"><h4 class=\"article-title\">L&rsquo;association Hubert Audriaz<\/h4><\/header><section class=\"article-content clearfix\"><p>Afin de mettre en \u00e9vidence l&rsquo;incroyable cr\u00e9ativit\u00e9 d\u2019Hubert Audriaz, une association a \u00e9t\u00e9 form\u00e9e en juin 2015. Le but principal est de mettre en valeur et de p\u00e9renniser les activit\u00e9s, tant annuelles que ponctuelles, d\u00e9velopp\u00e9es par Hubert Audriaz, tout en leur assurant une visibilit\u00e9. Elle a \u00e0 coeur de favoriser l\u2019acc\u00e8s \u00e0 la culture et au sport au plus grand nombre, notamment par la gratuit\u00e9. Elle souhaite \u00e9galement relever l\u2019\u00e9troite collaboration avec les diff\u00e9rents Services de la Ville, notamment l\u2019aide fournie par le Chantier \u00e9cologique.<\/p><\/section>\t\t\t\t\t\t\t\t<\/div>\n\t\t\t\t<\/div>\n\t\t<div class=\"elementor-element elementor-element-49283eb e-con-full e-flex e-con e-child\" data-id=\"49283eb\" data-element_type=\"container\">\n\t\t\t\t<div class=\"elementor-element elementor-element-008d621 elementor-widget elementor-widget-image\" data-id=\"008d621\" data-element_type=\"widget\" data-widget_type=\"image.default\">\n\t\t\t\t<div class=\"elementor-widget-container\">\n\t\t\t\t\t\t\t\t\t\t\t\t\t\t\t<img fetchpriority=\"high\" decoding=\"async\" width=\"868\" height=\"266\" src=\"http:\/\/hubert-audriaz.ch\/wp-content\/uploads\/2025\/04\/VilleFR_logo_sans_vague.png\" class=\"attachment-full size-full wp-image-791\" alt=\"\" srcset=\"http:\/\/hubert-audriaz.ch\/wp-content\/uploads\/2025\/04\/VilleFR_logo_sans_vague.png 868w, http:\/\/hubert-audriaz.ch\/wp-content\/uploads\/2025\/04\/VilleFR_logo_sans_vague-300x92.png 300w, http:\/\/hubert-audriaz.ch\/wp-content\/uploads\/2025\/04\/VilleFR_logo_sans_vague-768x235.png 768w\" sizes=\"(max-width: 868px) 100vw, 868px\" \/>\t\t\t\t\t\t\t\t\t\t\t\t\t\t\t<\/div>\n\t\t\t\t<\/div>\n\t\t\t\t<\/div>\n\t\t\t\t<\/div>\n\t\t<div class=\"elementor-element elementor-element-7432f76 e-con-full e-flex e-con e-child\" data-id=\"7432f76\" data-element_type=\"container\">\n\t\t\t\t<div class=\"elementor-element elementor-element-58427ae elementor-invisible elementor-widget elementor-widget-image\" data-id=\"58427ae\" data-element_type=\"widget\" data-settings=\"{&quot;_animation&quot;:&quot;zoomIn&quot;}\" data-widget_type=\"image.default\">\n\t\t\t\t<div class=\"elementor-widget-container\">\n\t\t\t\t\t\t\t\t\t\t\t\t\t\t\t<img decoding=\"async\" width=\"800\" height=\"457\" src=\"http:\/\/hubert-audriaz.ch\/wp-content\/uploads\/2024\/11\/Hubert-Audriaz_Portrait-scaled-1-1024x585.webp\" class=\"attachment-large size-large wp-image-520\" alt=\"\" srcset=\"http:\/\/hubert-audriaz.ch\/wp-content\/uploads\/2024\/11\/Hubert-Audriaz_Portrait-scaled-1-1024x585.webp 1024w, http:\/\/hubert-audriaz.ch\/wp-content\/uploads\/2024\/11\/Hubert-Audriaz_Portrait-scaled-1-300x171.webp 300w, http:\/\/hubert-audriaz.ch\/wp-content\/uploads\/2024\/11\/Hubert-Audriaz_Portrait-scaled-1-768x439.webp 768w, http:\/\/hubert-audriaz.ch\/wp-content\/uploads\/2024\/11\/Hubert-Audriaz_Portrait-scaled-1-1536x878.webp 1536w, http:\/\/hubert-audriaz.ch\/wp-content\/uploads\/2024\/11\/Hubert-Audriaz_Portrait-scaled-1-2048x1170.webp 2048w\" sizes=\"(max-width: 800px) 100vw, 800px\" \/>\t\t\t\t\t\t\t\t\t\t\t\t\t\t\t<\/div>\n\t\t\t\t<\/div>\n\t\t\t\t<\/div>\n\t\t\t\t\t<\/div>\n\t\t\t\t<\/div>\n\t\t<div class=\"elementor-element elementor-element-5c80d5f e-flex e-con-boxed e-con e-parent\" data-id=\"5c80d5f\" data-element_type=\"container\">\n\t\t\t\t\t<div class=\"e-con-inner\">\n\t\t\t\t<div class=\"elementor-element elementor-element-07f813d elementor-widget elementor-widget-heading\" data-id=\"07f813d\" data-element_type=\"widget\" data-widget_type=\"heading.default\">\n\t\t\t\t<div class=\"elementor-widget-container\">\n\t\t\t\t\t<h2 class=\"elementor-heading-title elementor-size-default\">Les membres <br><br><\/h2>\t\t\t\t<\/div>\n\t\t\t\t<\/div>\n\t\t\t\t\t<\/div>\n\t\t\t\t<\/div>\n\t\t<div class=\"elementor-element elementor-element-3904f1a e-flex e-con-boxed e-con e-parent\" data-id=\"3904f1a\" data-element_type=\"container\">\n\t\t\t\t\t<div class=\"e-con-inner\">\n\t\t\t\t<div class=\"elementor-element elementor-element-b9c3f60 elementor-widget elementor-widget-image\" data-id=\"b9c3f60\" data-element_type=\"widget\" data-widget_type=\"image.default\">\n\t\t\t\t<div class=\"elementor-widget-container\">\n\t\t\t\t\t\t\t\t\t\t\t\t<figure class=\"wp-caption\">\n\t\t\t\t\t\t\t\t\t\t<img decoding=\"async\" width=\"150\" height=\"150\" src=\"http:\/\/hubert-audriaz.ch\/wp-content\/uploads\/2026\/03\/Andrea-Von-Siebenthal-\u2013-Presidente-1-150x150.jpg\" class=\"attachment-thumbnail size-thumbnail wp-image-866\" alt=\"\" \/>\t\t\t\t\t\t\t\t\t\t\t<figcaption class=\"widget-image-caption wp-caption-text\">Andrea Von Siebenthal \u2013 Pr\u00e9sidente<\/figcaption>\n\t\t\t\t\t\t\t\t\t\t<\/figure>\n\t\t\t\t\t\t\t\t\t<\/div>\n\t\t\t\t<\/div>\n\t\t\t\t<div class=\"elementor-element elementor-element-5917794 elementor-widget elementor-widget-image\" data-id=\"5917794\" data-element_type=\"widget\" data-widget_type=\"image.default\">\n\t\t\t\t<div class=\"elementor-widget-container\">\n\t\t\t\t\t\t\t\t\t\t\t\t<figure class=\"wp-caption\">\n\t\t\t\t\t\t\t\t\t\t<img loading=\"lazy\" decoding=\"async\" width=\"150\" height=\"150\" src=\"http:\/\/hubert-audriaz.ch\/wp-content\/uploads\/2026\/03\/Azita-Audriaz-\u2013-Co-presidente-150x150.jpg\" class=\"attachment-thumbnail size-thumbnail wp-image-857\" alt=\"\" \/>\t\t\t\t\t\t\t\t\t\t\t<figcaption class=\"widget-image-caption wp-caption-text\">Azita Audriaz \u2013 Co-pr\u00e9sidente<\/figcaption>\n\t\t\t\t\t\t\t\t\t\t<\/figure>\n\t\t\t\t\t\t\t\t\t<\/div>\n\t\t\t\t<\/div>\n\t\t\t\t<div class=\"elementor-element elementor-element-5e5634e elementor-widget elementor-widget-image\" data-id=\"5e5634e\" data-element_type=\"widget\" data-widget_type=\"image.default\">\n\t\t\t\t<div class=\"elementor-widget-container\">\n\t\t\t\t\t\t\t\t\t\t\t\t<figure class=\"wp-caption\">\n\t\t\t\t\t\t\t\t\t\t<img loading=\"lazy\" decoding=\"async\" width=\"150\" height=\"150\" src=\"http:\/\/hubert-audriaz.ch\/wp-content\/uploads\/2026\/03\/Diogo-Silva-Rodrigues-\u2013-Responsable-finances-150x150.jpg\" class=\"attachment-thumbnail size-thumbnail wp-image-858\" alt=\"\" srcset=\"http:\/\/hubert-audriaz.ch\/wp-content\/uploads\/2026\/03\/Diogo-Silva-Rodrigues-\u2013-Responsable-finances-150x150.jpg 150w, http:\/\/hubert-audriaz.ch\/wp-content\/uploads\/2026\/03\/Diogo-Silva-Rodrigues-\u2013-Responsable-finances-300x300.jpg 300w, http:\/\/hubert-audriaz.ch\/wp-content\/uploads\/2026\/03\/Diogo-Silva-Rodrigues-\u2013-Responsable-finances.jpg 395w\" sizes=\"(max-width: 150px) 100vw, 150px\" \/>\t\t\t\t\t\t\t\t\t\t\t<figcaption class=\"widget-image-caption wp-caption-text\">Diogo Silva Rodrigues \u2013 Responsable finances\t<\/figcaption>\n\t\t\t\t\t\t\t\t\t\t<\/figure>\n\t\t\t\t\t\t\t\t\t<\/div>\n\t\t\t\t<\/div>\n\t\t\t\t<div class=\"elementor-element elementor-element-62408e9 elementor-widget elementor-widget-image\" data-id=\"62408e9\" data-element_type=\"widget\" data-widget_type=\"image.default\">\n\t\t\t\t<div class=\"elementor-widget-container\">\n\t\t\t\t\t\t\t\t\t\t\t\t<figure class=\"wp-caption\">\n\t\t\t\t\t\t\t\t\t\t<img loading=\"lazy\" decoding=\"async\" width=\"150\" height=\"150\" src=\"http:\/\/hubert-audriaz.ch\/wp-content\/uploads\/2026\/03\/Nathan-Ribordy-\u2013-Juriste-150x150.jpg\" class=\"attachment-thumbnail size-thumbnail wp-image-859\" alt=\"\" \/>\t\t\t\t\t\t\t\t\t\t\t<figcaption class=\"widget-image-caption wp-caption-text\">Nathan Ribordy \u2013 Juriste <\/figcaption>\n\t\t\t\t\t\t\t\t\t\t<\/figure>\n\t\t\t\t\t\t\t\t\t<\/div>\n\t\t\t\t<\/div>\n\t\t\t\t<div class=\"elementor-element elementor-element-93fe8a0 elementor-widget elementor-widget-image\" data-id=\"93fe8a0\" data-element_type=\"widget\" data-widget_type=\"image.default\">\n\t\t\t\t<div class=\"elementor-widget-container\">\n\t\t\t\t\t\t\t\t\t\t\t\t<figure class=\"wp-caption\">\n\t\t\t\t\t\t\t\t\t\t<img loading=\"lazy\" decoding=\"async\" width=\"150\" height=\"150\" src=\"http:\/\/hubert-audriaz.ch\/wp-content\/uploads\/2026\/03\/Adrien-Ribordy-\u2013-Membre-actif-150x150.jpg\" class=\"attachment-thumbnail size-thumbnail wp-image-855\" alt=\"\" \/>\t\t\t\t\t\t\t\t\t\t\t<figcaption class=\"widget-image-caption wp-caption-text\">Adrien Ribordy \u2013 Membre actif<\/figcaption>\n\t\t\t\t\t\t\t\t\t\t<\/figure>\n\t\t\t\t\t\t\t\t\t<\/div>\n\t\t\t\t<\/div>\n\t\t\t\t<div class=\"elementor-element elementor-element-6dd5384 elementor-widget elementor-widget-image\" data-id=\"6dd5384\" data-element_type=\"widget\" data-widget_type=\"image.default\">\n\t\t\t\t<div class=\"elementor-widget-container\">\n\t\t\t\t\t\t\t\t\t\t\t\t<figure class=\"wp-caption\">\n\t\t\t\t\t\t\t\t\t\t<img loading=\"lazy\" decoding=\"async\" width=\"150\" height=\"150\" src=\"http:\/\/hubert-audriaz.ch\/wp-content\/uploads\/2026\/03\/Sina-Sherzad-\u2013-Secretaire-general-150x150.jpg\" class=\"attachment-thumbnail size-thumbnail wp-image-860\" alt=\"\" \/>\t\t\t\t\t\t\t\t\t\t\t<figcaption class=\"widget-image-caption wp-caption-text\">Sina Sherzad \u2013 Secr\u00e9taire g\u00e9n\u00e9ral<\/figcaption>\n\t\t\t\t\t\t\t\t\t\t<\/figure>\n\t\t\t\t\t\t\t\t\t<\/div>\n\t\t\t\t<\/div>\n\t\t\t\t\t<\/div>\n\t\t\t\t<\/div>\n\t\t<div class=\"elementor-element elementor-element-2a2bb5f elementor-hidden-desktop elementor-hidden-tablet elementor-hidden-mobile e-flex e-con-boxed e-con e-parent\" data-id=\"2a2bb5f\" data-element_type=\"container\">\n\t\t\t\t\t<div class=\"e-con-inner\">\n\t\t\t\t\t<\/div>\n\t\t\t\t<\/div>\n\t\t<div class=\"elementor-element elementor-element-813860e elementor-hidden-desktop elementor-hidden-tablet elementor-hidden-mobile e-flex e-con-boxed e-con e-parent\" data-id=\"813860e\" data-element_type=\"container\">\n\t\t\t\t\t<div class=\"e-con-inner\">\n\t\t\t\t<div class=\"elementor-element elementor-element-be3ba22 elementor-grid-3 elementor-grid-tablet-2 elementor-grid-mobile-1 elementor-widget elementor-widget-portfolio\" data-id=\"be3ba22\" data-element_type=\"widget\" data-settings=\"{&quot;columns&quot;:&quot;3&quot;,&quot;columns_tablet&quot;:&quot;2&quot;,&quot;columns_mobile&quot;:&quot;1&quot;,&quot;item_ratio&quot;:{&quot;unit&quot;:&quot;px&quot;,&quot;size&quot;:0.66,&quot;sizes&quot;:[]},&quot;item_gap&quot;:{&quot;unit&quot;:&quot;px&quot;,&quot;size&quot;:&quot;&quot;,&quot;sizes&quot;:[]},&quot;row_gap&quot;:{&quot;unit&quot;:&quot;px&quot;,&quot;size&quot;:&quot;&quot;,&quot;sizes&quot;:[]}}\" data-widget_type=\"portfolio.default\">\n\t\t\t\t<div class=\"elementor-widget-container\">\n\t\t\t\t\t\t\t<div class=\"elementor-portfolio elementor-grid elementor-posts-container\">\n\t\t\t\t<article class=\"elementor-portfolio-item elementor-post  post-812 post type-post status-publish format-standard has-post-thumbnail hentry category-blog\">\n\t\t\t<a class=\"elementor-post__thumbnail__link\" href=\"http:\/\/hubert-audriaz.ch\/index.php\/2026\/03\/16\/le-miroir-enchante-du-06-au-12-avril-2026\/\">\n\t\t\t\t<div class=\"elementor-portfolio-item__img elementor-post__thumbnail\">\n\t\t\t<img loading=\"lazy\" decoding=\"async\" width=\"276\" height=\"300\" src=\"http:\/\/hubert-audriaz.ch\/wp-content\/uploads\/2026\/03\/lapin-276x300.jpg\" class=\"attachment-medium size-medium wp-image-893\" alt=\"\" srcset=\"http:\/\/hubert-audriaz.ch\/wp-content\/uploads\/2026\/03\/lapin-276x300.jpg 276w, http:\/\/hubert-audriaz.ch\/wp-content\/uploads\/2026\/03\/lapin.jpg 594w\" sizes=\"(max-width: 276px) 100vw, 276px\" \/>\t\t<\/div>\n\t\t\t\t<div class=\"elementor-portfolio-item__overlay\">\n\t\t\t\t<h3 class=\"elementor-portfolio-item__title\">\n\t\tLe miroir enchant\u00e9 du 06 au 12 avril 2026\t\t<\/h3>\n\t\t\t\t<\/div>\n\t\t\t\t<\/a>\n\t\t<\/article>\n\t\t\t\t<article class=\"elementor-portfolio-item elementor-post  post-820 post type-post status-publish format-standard has-post-thumbnail hentry category-blog\">\n\t\t\t<a class=\"elementor-post__thumbnail__link\" href=\"http:\/\/hubert-audriaz.ch\/index.php\/2025\/09\/29\/a-la-decouverte-du-poisson-dor\/\">\n\t\t\t\t<div class=\"elementor-portfolio-item__img elementor-post__thumbnail\">\n\t\t\t<img loading=\"lazy\" decoding=\"async\" width=\"300\" height=\"225\" src=\"http:\/\/hubert-audriaz.ch\/wp-content\/uploads\/2025\/09\/Capture-decran-2025-09-29-a-10.52.15-300x225.png\" class=\"attachment-medium size-medium wp-image-821\" alt=\"\" srcset=\"http:\/\/hubert-audriaz.ch\/wp-content\/uploads\/2025\/09\/Capture-decran-2025-09-29-a-10.52.15-300x225.png 300w, http:\/\/hubert-audriaz.ch\/wp-content\/uploads\/2025\/09\/Capture-decran-2025-09-29-a-10.52.15-1024x768.png 1024w, http:\/\/hubert-audriaz.ch\/wp-content\/uploads\/2025\/09\/Capture-decran-2025-09-29-a-10.52.15-768x576.png 768w, http:\/\/hubert-audriaz.ch\/wp-content\/uploads\/2025\/09\/Capture-decran-2025-09-29-a-10.52.15.png 1218w\" sizes=\"(max-width: 300px) 100vw, 300px\" \/>\t\t<\/div>\n\t\t\t\t<div class=\"elementor-portfolio-item__overlay\">\n\t\t\t\t<h3 class=\"elementor-portfolio-item__title\">\n\t\t\u00c0 la d\u00e9couverte du poisson d\u2019Or du 13 au 24 octobre 2025\t\t<\/h3>\n\t\t\t\t<\/div>\n\t\t\t\t<\/a>\n\t\t<\/article>\n\t\t\t\t<article class=\"elementor-portfolio-item elementor-post  post-653 post type-post status-publish format-standard has-post-thumbnail hentry category-blog\">\n\t\t\t<a class=\"elementor-post__thumbnail__link\" href=\"http:\/\/hubert-audriaz.ch\/index.php\/2025\/06\/11\/les-ateliers-creatifs-du-07-juillet-au-1er-aout\/\">\n\t\t\t\t<div class=\"elementor-portfolio-item__img elementor-post__thumbnail\">\n\t\t\t<img loading=\"lazy\" decoding=\"async\" width=\"300\" height=\"200\" src=\"http:\/\/hubert-audriaz.ch\/wp-content\/uploads\/2024\/12\/pexels-mccutcheon-1148998-300x200.jpg\" class=\"attachment-medium size-medium wp-image-708\" alt=\"\" srcset=\"http:\/\/hubert-audriaz.ch\/wp-content\/uploads\/2024\/12\/pexels-mccutcheon-1148998-300x200.jpg 300w, http:\/\/hubert-audriaz.ch\/wp-content\/uploads\/2024\/12\/pexels-mccutcheon-1148998-1024x683.jpg 1024w, http:\/\/hubert-audriaz.ch\/wp-content\/uploads\/2024\/12\/pexels-mccutcheon-1148998-768x512.jpg 768w, http:\/\/hubert-audriaz.ch\/wp-content\/uploads\/2024\/12\/pexels-mccutcheon-1148998-1536x1024.jpg 1536w, http:\/\/hubert-audriaz.ch\/wp-content\/uploads\/2024\/12\/pexels-mccutcheon-1148998-2048x1365.jpg 2048w\" sizes=\"(max-width: 300px) 100vw, 300px\" \/>\t\t<\/div>\n\t\t\t\t<div class=\"elementor-portfolio-item__overlay\">\n\t\t\t\t<h3 class=\"elementor-portfolio-item__title\">\n\t\tLes Ateliers cr\u00e9atifs du 07 au 31 juillet 2025\t\t<\/h3>\n\t\t\t\t<\/div>\n\t\t\t\t<\/a>\n\t\t<\/article>\n\t\t\t\t<article class=\"elementor-portfolio-item elementor-post  post-796 post type-post status-publish format-standard has-post-thumbnail hentry category-blog\">\n\t\t\t<a class=\"elementor-post__thumbnail__link\" href=\"http:\/\/hubert-audriaz.ch\/index.php\/2025\/04\/17\/le-miroir-enchante\/\">\n\t\t\t\t<div class=\"elementor-portfolio-item__img elementor-post__thumbnail\">\n\t\t\t<img loading=\"lazy\" decoding=\"async\" width=\"300\" height=\"223\" src=\"http:\/\/hubert-audriaz.ch\/wp-content\/uploads\/2025\/04\/Capture-decran-2025-04-17-a-10.14.59-e1744878461426-300x223.png\" class=\"attachment-medium size-medium wp-image-798\" alt=\"\" srcset=\"http:\/\/hubert-audriaz.ch\/wp-content\/uploads\/2025\/04\/Capture-decran-2025-04-17-a-10.14.59-e1744878461426-300x223.png 300w, http:\/\/hubert-audriaz.ch\/wp-content\/uploads\/2025\/04\/Capture-decran-2025-04-17-a-10.14.59-e1744878461426.png 764w\" sizes=\"(max-width: 300px) 100vw, 300px\" \/>\t\t<\/div>\n\t\t\t\t<div class=\"elementor-portfolio-item__overlay\">\n\t\t\t\t<h3 class=\"elementor-portfolio-item__title\">\n\t\tLe miroir enchant\u00e9 du 21 au 27 avril 2025 \u00e0 la ferme du Grabensaal\t\t<\/h3>\n\t\t\t\t<\/div>\n\t\t\t\t<\/a>\n\t\t<\/article>\n\t\t\t\t<article class=\"elementor-portfolio-item elementor-post  post-385 post type-post status-publish format-standard has-post-thumbnail hentry category-blog\">\n\t\t\t<a class=\"elementor-post__thumbnail__link\" href=\"http:\/\/hubert-audriaz.ch\/index.php\/2024\/12\/16\/balade-des-marionnettes\/\">\n\t\t\t\t<div class=\"elementor-portfolio-item__img elementor-post__thumbnail\">\n\t\t\t<img loading=\"lazy\" decoding=\"async\" width=\"300\" height=\"244\" src=\"http:\/\/hubert-audriaz.ch\/wp-content\/uploads\/2024\/11\/Capture-decran-2024-12-02-a-11.49.19-300x244.png\" class=\"attachment-medium size-medium wp-image-591\" alt=\"\" srcset=\"http:\/\/hubert-audriaz.ch\/wp-content\/uploads\/2024\/11\/Capture-decran-2024-12-02-a-11.49.19-300x244.png 300w, http:\/\/hubert-audriaz.ch\/wp-content\/uploads\/2024\/11\/Capture-decran-2024-12-02-a-11.49.19-768x626.png 768w, http:\/\/hubert-audriaz.ch\/wp-content\/uploads\/2024\/11\/Capture-decran-2024-12-02-a-11.49.19.png 938w\" sizes=\"(max-width: 300px) 100vw, 300px\" \/>\t\t<\/div>\n\t\t\t\t<div class=\"elementor-portfolio-item__overlay\">\n\t\t\t\t<h3 class=\"elementor-portfolio-item__title\">\n\t\tLe chemin enchant\u00e9 vers l&rsquo;Epiphanie du 14 d\u00e9cembre 2024 au 04 janvier 2025\t\t<\/h3>\n\t\t\t\t<\/div>\n\t\t\t\t<\/a>\n\t\t<\/article>\n\t\t\t\t<article class=\"elementor-portfolio-item elementor-post  post-645 post type-post status-publish format-standard has-post-thumbnail hentry category-blog\">\n\t\t\t<a class=\"elementor-post__thumbnail__link\" href=\"http:\/\/hubert-audriaz.ch\/index.php\/2024\/12\/16\/parcours-du-lapin-bleu\/\">\n\t\t\t\t<div class=\"elementor-portfolio-item__img elementor-post__thumbnail\">\n\t\t\t<img loading=\"lazy\" decoding=\"async\" width=\"300\" height=\"200\" src=\"http:\/\/hubert-audriaz.ch\/wp-content\/uploads\/2024\/12\/milena_87078_illustration_of_a_blue_rabbit_fantasy_06f43751-0d6c-4673-98e0-f65ed6874659-300x200.png\" class=\"attachment-medium size-medium wp-image-707\" alt=\"\" srcset=\"http:\/\/hubert-audriaz.ch\/wp-content\/uploads\/2024\/12\/milena_87078_illustration_of_a_blue_rabbit_fantasy_06f43751-0d6c-4673-98e0-f65ed6874659-300x200.png 300w, http:\/\/hubert-audriaz.ch\/wp-content\/uploads\/2024\/12\/milena_87078_illustration_of_a_blue_rabbit_fantasy_06f43751-0d6c-4673-98e0-f65ed6874659-1024x683.png 1024w, http:\/\/hubert-audriaz.ch\/wp-content\/uploads\/2024\/12\/milena_87078_illustration_of_a_blue_rabbit_fantasy_06f43751-0d6c-4673-98e0-f65ed6874659-768x512.png 768w, http:\/\/hubert-audriaz.ch\/wp-content\/uploads\/2024\/12\/milena_87078_illustration_of_a_blue_rabbit_fantasy_06f43751-0d6c-4673-98e0-f65ed6874659.png 1344w\" sizes=\"(max-width: 300px) 100vw, 300px\" \/>\t\t<\/div>\n\t\t\t\t<div class=\"elementor-portfolio-item__overlay\">\n\t\t\t\t<h3 class=\"elementor-portfolio-item__title\">\n\t\tParcours du lapin bleu du 21 avril au 02 mai 2025\t\t<\/h3>\n\t\t\t\t<\/div>\n\t\t\t\t<\/a>\n\t\t<\/article>\n\t\t\t\t<\/div>\n\t\t\t\t\t\t<\/div>\n\t\t\t\t<\/div>\n\t\t\t\t\t<\/div>\n\t\t\t\t<\/div>\n\t\t<div class=\"elementor-element elementor-element-ef76bcd e-flex e-con-boxed e-con e-parent\" data-id=\"ef76bcd\" data-element_type=\"container\">\n\t\t\t\t\t<div class=\"e-con-inner\">\n\t\t\t\t\t<\/div>\n\t\t\t\t<\/div>\n\t\t<div class=\"elementor-element elementor-element-814a7f7 e-flex e-con-boxed e-con e-parent\" data-id=\"814a7f7\" data-element_type=\"container\">\n\t\t\t\t\t<div class=\"e-con-inner\">\n\t\t\t\t\t<\/div>\n\t\t\t\t<\/div>\n\t\t\t\t<\/div>\n\t\t","protected":false},"excerpt":{"rendered":"<p>Biographie N\u00e9 le 30 septembre 1940 \u00e0 la\u00a0rue d&rsquo;Or\u00a0dans le quartier de l\u2019Auge de la Basse-Ville de Fribourg, Hubert Audriaz reste l\u2019enfant r\u00eaveur d\u2019autrefois. C\u2019est en dessinant qu\u2019il apprend \u00e0 [&hellip;]<\/p>\n","protected":false},"author":1,"featured_media":0,"parent":0,"menu_order":0,"comment_status":"closed","ping_status":"closed","template":"elementor_header_footer","meta":{"footnotes":""},"class_list":["post-56","page","type-page","status-publish","hentry"],"_links":{"self":[{"href":"http:\/\/hubert-audriaz.ch\/index.php\/wp-json\/wp\/v2\/pages\/56","targetHints":{"allow":["GET"]}}],"collection":[{"href":"http:\/\/hubert-audriaz.ch\/index.php\/wp-json\/wp\/v2\/pages"}],"about":[{"href":"http:\/\/hubert-audriaz.ch\/index.php\/wp-json\/wp\/v2\/types\/page"}],"author":[{"embeddable":true,"href":"http:\/\/hubert-audriaz.ch\/index.php\/wp-json\/wp\/v2\/users\/1"}],"replies":[{"embeddable":true,"href":"http:\/\/hubert-audriaz.ch\/index.php\/wp-json\/wp\/v2\/comments?post=56"}],"version-history":[{"count":136,"href":"http:\/\/hubert-audriaz.ch\/index.php\/wp-json\/wp\/v2\/pages\/56\/revisions"}],"predecessor-version":[{"id":884,"href":"http:\/\/hubert-audriaz.ch\/index.php\/wp-json\/wp\/v2\/pages\/56\/revisions\/884"}],"wp:attachment":[{"href":"http:\/\/hubert-audriaz.ch\/index.php\/wp-json\/wp\/v2\/media?parent=56"}],"curies":[{"name":"wp","href":"https:\/\/api.w.org\/{rel}","templated":true}]}}